 {"id":4802,"date":"2025-03-03T12:42:58","date_gmt":"2025-03-03T12:42:58","guid":{"rendered":"https:\/\/www.qualifiednetworks.com\/bonnes-causes\/"},"modified":"2025-03-19T06:24:07","modified_gmt":"2025-03-19T06:24:07","slug":"bonnes-causes","status":"publish","type":"page","link":"https:\/\/www.qualifiednetworks.com\/fr\/bonnes-causes\/","title":{"rendered":"Bonnes causes"},"content":{"rendered":"<div class=\"wpb-content-wrapper\"><p>[vc_row equal_height=\u00a0\u00bbyes\u00a0\u00bb el_class=\u00a0\u00bbplantation-step goede pt-130 pb-90&Prime;][vc_column width=\u00a0\u00bb6\/12&Prime; el_class=\u00a0\u00bbmo-1&Prime;][vc_single_image image=\u00a0\u00bb5180&Prime; img_size=\u00a0\u00bbfull\u00a0\u00bb css=\u00a0\u00bb\u00a0\u00bb el_class=\u00a0\u00bbimage-overlay\u00a0\u00bb][vc_single_image image=\u00a0\u00bb3755&Prime; img_size=\u00a0\u00bblarge\u00a0\u00bb el_class=\u00a0\u00bbtrees-badge\u00a0\u00bb][\/vc_column][vc_column width=\u00a0\u00bb1\/12&Prime;][\/vc_column][vc_column width=\u00a0\u00bb5\/12&Prime; el_class=\u00a0\u00bbinfo\u00a0\u00bb][vc_custom_heading text=\u00a0\u00bbdes arbres pour tous\u00a0\u00bb font_container=\u00a0\u00bbtag:div|text_align:left\u00a0\u00bb use_theme_fonts=\u00a0\u00bbyes\u00a0\u00bb el_class=\u00a0\u00bbsubtitle\u00a0\u00bb][vc_custom_heading text=\u00a0\u00bbnotre partenariat avec arbres pour tous\u00a0\u00bb use_theme_fonts=\u00a0\u00bbyes\u00a0\u00bb][vc_column_text css=\u00a0\u00bb\u00a0\u00bb]Les arbres jouent un r\u00f4le crucial dans la pr\u00e9servation du climat et de la biodiversit\u00e9. C&rsquo;est pourquoi nous travaillons avec Trees for All, une organisation qui facilite les projets de reforestation et de compensation des \u00e9missions de carbone dans le monde entier.[\/vc_column_text][vc_column_text css=\u00a0\u00bb\u00a0\u00bb el_class=\u00a0\u00bblist\u00a0\u00bb]<\/p>\n<ul>\n<li><strong>Restauration des for\u00eats aux Pays-Bas &#8211; Contribuez \u00e0 la r\u00e9duction locale du carbone.<\/strong><\/li>\n<li><strong>Planter des arbres dans les r\u00e9gions en crise climatique &#8211; Aidez \u00e0 lutter contre la d\u00e9forestation en Am\u00e9rique du Sud et en Asie.<\/strong><\/li>\n<li><strong>Pour chaque 100 \u20ac de valeur r\u00e9siduelle que vous donnez, nous donnons 10 \u20ac suppl\u00e9mentaires \u00e0 des projets de plantation d&rsquo;arbres.<\/strong><\/li>\n<\/ul>\n<p>[\/vc_column_text][vc_column_text css=\u00a0\u00bb\u00a0\u00bb]Gr\u00e2ce \u00e0 nos clients, des milliers d&rsquo;arbres ont d\u00e9j\u00e0 \u00e9t\u00e9 plant\u00e9s ![\/vc_column_text][vc_btn title=\u00a0\u00bbLire plus\u00a0\u00bb style=\u00a0\u00bboutline\u00a0\u00bb link=\u00a0\u00bburl:https%3A%2F%2Fwww.qualifiednetworks.com%2Fduurzaamheid%2F|title:Durabilit%C3%A9|\u00a0\u00bb][\/vc_column][\/vc_row][vc_row equal_height=\u00a0\u00bbyes\u00a0\u00bb el_class=\u00a0\u00bbservice\u00a0\u00bb][vc_column width=\u00a0\u00bb6\/12&Prime; el_class=\u00a0\u00bbcontent info\u00a0\u00bb][vc_custom_heading text=\u00a0\u00bbProtection et assistance en cas de violence domestique\u00a0\u00bb font_container=\u00a0\u00bbtag:div|text_align:left\u00a0\u00bb use_theme_fonts=\u00a0\u00bbyes\u00a0\u00bb css=\u00a0\u00bb\u00a0\u00bb el_class=\u00a0\u00bbsubtitle\u00a0\u00bb][vc_custom_heading text=\u00a0\u00bbFondation de soutien Groupe de s\u00e9jour\u00a0\u00bb use_theme_fonts=\u00a0\u00bbyes\u00a0\u00bb css=\u00a0\u00bb\u00a0\u00bb][vc_column_text css=\u00a0\u00bb.vc_custom_1741516927498{margin-bottom: 10px !important;}\u00a0\u00bb]La violence domestique est un probl\u00e8me social majeur. La Fondation Blijf Groep fournit un abri, des conseils et un soutien aux personnes qui se trouvent dans une situation familiale dangereuse. Avec les recettes de nos services informatiques circulaires, nous contribuons \u00e0 cette fondation afin qu&rsquo;elle puisse poursuivre son important travail.[\/vc_column_text][vc_column_text css=\u00a0\u00bb\u00a0\u00bb el_class=\u00a0\u00bblist\u00a0\u00bb]<\/p>\n<ul>\n<li><strong>Abris s\u00fbrs pour les victimes de violences domestiques.<\/strong><\/li>\n<li><strong>Acc\u00e8s \u00e0 l&rsquo;\u00e9ducation et \u00e0 l&#8217;emploi &#8211; 79 000 euros d&rsquo;ordinateurs portables offerts.<\/strong><\/li>\n<li><strong>Ressources en mati\u00e8re de s\u00e9curit\u00e9 &#8211; Plus de 100 t\u00e9l\u00e9phones ont \u00e9t\u00e9 donn\u00e9s pour la communication.<\/strong><\/li>\n<\/ul>\n<p>[\/vc_column_text][vc_column_text css=\u00a0\u00bb.vc_custom_1741517005607{margin-bottom: 10px !important;}\u00a0\u00bb]Votre contribution permet \u00e0 cette organisation de donner un nouveau d\u00e9part \u00e0 des personnes.[\/vc_column_text][\/vc_column][vc_column width=\u00a0\u00bb1\/12&Prime;][\/vc_column][vc_column width=\u00a0\u00bb5\/12&Prime; el_class=\u00a0\u00bbmo-1&Prime;][vc_single_image image=\u00a0\u00bb4617&Prime; img_size=\u00a0\u00bblarge\u00a0\u00bb el_class=\u00a0\u00bbimage-overlay\u00a0\u00bb][vc_single_image image=\u00a0\u00bb5196&Prime; img_size=\u00a0\u00bblarge\u00a0\u00bb css=\u00a0\u00bb\u00a0\u00bb el_class=\u00a0\u00bbsticky-image\u00a0\u00bb][\/vc_column][\/vc_row][vc_row equal_height=\u00a0\u00bbyes\u00a0\u00bb el_class=\u00a0\u00bbgoede pt-160 pb-90 before-none\u00a0\u00bb][vc_column width=\u00a0\u00bb6\/12&Prime; el_class=\u00a0\u00bbmo-1&Prime;][vc_single_image image=\u00a0\u00bb5358&Prime; img_size=\u00a0\u00bbfull\u00a0\u00bb css=\u00a0\u00bb\u00a0\u00bb el_class=\u00a0\u00bbimage-overlay\u00a0\u00bb][\/vc_column][vc_column width=\u00a0\u00bb1\/12&Prime;][\/vc_column][vc_column width=\u00a0\u00bb5\/12&Prime; el_class=\u00a0\u00bbinfo\u00a0\u00bb][vc_custom_heading text=\u00a0\u00bbautres organisations caritatives\u00a0\u00bb font_container=\u00a0\u00bbtag:div|text_align:left\u00a0\u00bb use_theme_fonts=\u00a0\u00bbyes\u00a0\u00bb el_class=\u00a0\u00bbsubtitle\u00a0\u00bb][vc_custom_heading text=\u00a0\u00bbSoutenez une association caritative de votre choix\u00a0\u00bb use_theme_fonts=\u00a0\u00bbyes\u00a0\u00bb css=\u00a0\u00bb.vc_custom_1740987159188{margin-bottom: 0px !important;}\u00a0\u00bb][vc_column_text css=\u00a0\u00bb.vc_custom_1740987176212{margin-bottom: 15px !important;}\u00a0\u00bb]Vous pr\u00e9f\u00e9rez soutenir une autre initiative ? Vous pouvez le faire ! Vous d\u00e9cidez du pourcentage de la valeur r\u00e9siduelle de votre mat\u00e9riel informatique qui sera revers\u00e9 \u00e0 une association caritative.[\/vc_column_text][vc_custom_heading text=\u00a0\u00bbInspiration des donations pr\u00e9c\u00e9dentes\u00a0\u00bb font_container=\u00a0\u00bbtag:h4|text_align:left\u00a0\u00bb use_theme_fonts=\u00a0\u00bbyes\u00a0\u00bb][vc_column_text css=\u00a0\u00bb.vc_custom_1740987182677{margin-bottom: 15px !important;}\u00a0\u00bb]Quelques exemples de dons ant\u00e9rieurs :[\/vc_column_text][vc_row_inner][vc_column_inner el_class=\u00a0\u00bbbrand-logo\u00a0\u00bb width=\u00a0\u00bb1\/4&Prime;][vc_single_image image=\u00a0\u00bb5363&Prime; img_size=\u00a0\u00bbfull\u00a0\u00bb css=\u00a0\u00bb\u00a0\u00bb][\/vc_column_inner][vc_column_inner width=\u00a0\u00bb3\/4&Prime;][vc_column_text css=\u00a0\u00bb.vc_custom_1740492335787{margin-bottom: 0px !important;}\u00a0\u00bb el_class=\u00a0\u00bblist col2&Prime;]<\/p>\n<ul>\n<li><strong>KiKa<\/strong><br \/>\nRecherche sur le cancer de l&rsquo;enfant.<\/li>\n<\/ul>\n<p>[\/vc_column_text][\/vc_column_inner][\/vc_row_inner][vc_row_inner][vc_column_inner el_class=\u00a0\u00bbbrand-logo\u00a0\u00bb width=\u00a0\u00bb1\/4&Prime;][vc_single_image image=\u00a0\u00bb5367&Prime; img_size=\u00a0\u00bbfull\u00a0\u00bb css=\u00a0\u00bb\u00a0\u00bb][\/vc_column_inner][vc_column_inner width=\u00a0\u00bb3\/4&Prime;][vc_column_text css=\u00a0\u00bb.vc_custom_1740492409284{margin-bottom: 0px !important;}\u00a0\u00bb el_class=\u00a0\u00bblist col2&Prime;]<\/p>\n<ul>\n<li><strong>Cliniclowns<\/strong><br \/>\nSoins aux enfants malades et aux personnes atteintes de d\u00e9mence.<\/li>\n<\/ul>\n<p>[\/vc_column_text][\/vc_column_inner][\/vc_row_inner][vc_row_inner][vc_column_inner el_class=\u00a0\u00bbbrand-logo\u00a0\u00bb width=\u00a0\u00bb1\/4&Prime;][vc_single_image image=\u00a0\u00bb5371&Prime; img_size=\u00a0\u00bbfull\u00a0\u00bb css=\u00a0\u00bb\u00a0\u00bb el_class=\u00a0\u00bbcustom-height\u00a0\u00bb][\/vc_column_inner][vc_column_inner width=\u00a0\u00bb3\/4&Prime;][vc_column_text css=\u00a0\u00bb.vc_custom_1740492416504{margin-bottom: 0px !important;}\u00a0\u00bb el_class=\u00a0\u00bblist col2&Prime;]<\/p>\n<ul>\n<li><strong>Lutte contre le cancer<\/strong><br \/>\nInnovation et soutien dans la lutte contre le cancer.<\/li>\n<\/ul>\n<p>[\/vc_column_text][\/vc_column_inner][\/vc_row_inner][\/vc_column][\/vc_row][vc_row el_class=\u00a0\u00bbpb-90&Prime;][vc_column][vc_custom_heading text=\u00a0\u00bbM\u00c9THODE DE TRAVAIL\u00a0\u00bb font_container=\u00a0\u00bbtag:div|text_align:center\u00a0\u00bb use_theme_fonts=\u00a0\u00bbyes\u00a0\u00bb el_class=\u00a0\u00bbsubtitle\u00a0\u00bb][vc_custom_heading text=\u00a0\u00bbComment cela fonctionne-t-il ?\u00a0\u00bb font_container=\u00a0\u00bbtag:h2|text_align:center\u00a0\u00bb use_theme_fonts=\u00a0\u00bbyes\u00a0\u00bb][vc_column_text css=\u00a0\u00bb.vc_custom_1740384486485{margin-bottom: 0px !important;}\u00a0\u00bb]<\/p>\n<p style=\"text-align: center;\">Notre collaboration avec les organisations caritatives est directement li\u00e9e \u00e0 notre approche de l&rsquo;informatique circulaire :<\/p>\n<p>[\/vc_column_text][vc_row_inner el_class=\u00a0\u00bbsection-our-steps swiper cursor-drag\u00a0\u00bb][vc_column_inner width=\u00a0\u00bb1\/4&Prime;][vc_single_image image=\u00a0\u00bb4685&Prime; img_size=\u00a0\u00bbfull\u00a0\u00bb][vc_custom_heading text=\u00a0\u00bbChoisissez une association caritative adapt\u00e9e \u00e0 votre organisation.\u00a0\u00bb font_container=\u00a0\u00bbtag:h4|text_align:left\u00a0\u00bb use_theme_fonts=\u00a0\u00bbyes\u00a0\u00bb][vc_column_text][\/vc_column_text][\/vc_column_inner][vc_column_inner width=\u00a0\u00bb1\/4&Prime;][vc_single_image image=\u00a0\u00bb4663&Prime; img_size=\u00a0\u00bbfull\u00a0\u00bb][vc_custom_heading text=\u00a0\u00bbD\u00e9terminez le pourcentage de la valeur r\u00e9siduelle que vous souhaitez donner.\u00a0\u00bb font_container=\u00a0\u00bbtag:h4|text_align:left\u00a0\u00bb use_theme_fonts=\u00a0\u00bbyes\u00a0\u00bb][vc_column_text][\/vc_column_text][\/vc_column_inner][vc_column_inner width=\u00a0\u00bb1\/4&Prime;][vc_single_image image=\u00a0\u00bb4689&Prime; img_size=\u00a0\u00bbfull\u00a0\u00bb][vc_custom_heading text=\u00a0\u00bbNous ajouterons 10% \u00e0 votre don.\u00a0\u00bb font_container=\u00a0\u00bbtag:h4|text_align:left\u00a0\u00bb use_theme_fonts=\u00a0\u00bbyes\u00a0\u00bb][vc_column_text][\/vc_column_text][\/vc_column_inner][vc_column_inner width=\u00a0\u00bb1\/4&Prime;][vc_single_image image=\u00a0\u00bb4650&Prime; img_size=\u00a0\u00bbfull\u00a0\u00bb][vc_custom_heading text=\u00a0\u00bbRecevez un certificat avec vos \u00e9conomies.\u00a0\u00bb font_container=\u00a0\u00bbtag:h4|text_align:left\u00a0\u00bb use_theme_fonts=\u00a0\u00bbyes\u00a0\u00bb][\/vc_column_inner][\/vc_row_inner][\/vc_column][\/vc_row]<\/p>\n<\/div>","protected":false},"excerpt":{"rendered":"<p>[vc_row equal_height=\u00a0\u00bbyes\u00a0\u00bb el_class=\u00a0\u00bbplantation-step goede pt-130 pb-90&Prime;][vc_column width=\u00a0\u00bb6\/12&Prime; el_class=\u00a0\u00bbmo-1&Prime;][vc_single_image image=\u00a0\u00bb5180&Prime; img_size=\u00a0\u00bbfull\u00a0\u00bb css=\u00a0\u00bb\u00a0\u00bb el_class=\u00a0\u00bbimage-overlay\u00a0\u00bb][vc_single_image image=\u00a0\u00bb3755&Prime; img_size=\u00a0\u00bblarge\u00a0\u00bb el_class=\u00a0\u00bbtrees-badge\u00a0\u00bb][\/vc_column][vc_column width=\u00a0\u00bb1\/12&Prime;][\/vc_column][vc_column width=\u00a0\u00bb5\/12&Prime; el_class=\u00a0\u00bbinfo\u00a0\u00bb][vc_custom_heading text=\u00a0\u00bbdes arbres pour tous\u00a0\u00bb font_container=\u00a0\u00bbtag:div|text_align:left\u00a0\u00bb use_theme_fonts=\u00a0\u00bbyes\u00a0\u00bb el_class=\u00a0\u00bbsubtitle\u00a0\u00bb][vc_custom_heading text=\u00a0\u00bbnotre partenariat avec arbres pour tous\u00a0\u00bb use_theme_fonts=\u00a0\u00bbyes\u00a0\u00bb][vc_column_text css=\u00a0\u00bb\u00a0\u00bb]Les arbres jouent un r\u00f4le crucial dans la pr\u00e9servation du climat et de la biodiversit\u00e9. C&rsquo;est pourquoi nous travaillons avec Trees for All, [&hellip;]<\/p>\n","protected":false},"author":1,"featured_media":0,"parent":0,"menu_order":0,"comment_status":"closed","ping_status":"closed","template":"","meta":{"footnotes":""},"class_list":["post-4802","page","type-page","status-publish","hentry"],"acf":[],"_links":{"self":[{"href":"https:\/\/www.qualifiednetworks.com\/fr\/wp-json\/wp\/v2\/pages\/4802","targetHints":{"allow":["GET"]}}],"collection":[{"href":"https:\/\/www.qualifiednetworks.com\/fr\/wp-json\/wp\/v2\/pages"}],"about":[{"href":"https:\/\/www.qualifiednetworks.com\/fr\/wp-json\/wp\/v2\/types\/page"}],"author":[{"embeddable":true,"href":"https:\/\/www.qualifiednetworks.com\/fr\/wp-json\/wp\/v2\/users\/1"}],"replies":[{"embeddable":true,"href":"https:\/\/www.qualifiednetworks.com\/fr\/wp-json\/wp\/v2\/comments?post=4802"}],"version-history":[{"count":0,"href":"https:\/\/www.qualifiednetworks.com\/fr\/wp-json\/wp\/v2\/pages\/4802\/revisions"}],"wp:attachment":[{"href":"https:\/\/www.qualifiednetworks.com\/fr\/wp-json\/wp\/v2\/media?parent=4802"}],"curies":[{"name":"wp","href":"https:\/\/api.w.org\/{rel}","templated":true}]}}